{"id":237,"date":"2026-01-09T12:06:38","date_gmt":"2026-01-09T12:06:38","guid":{"rendered":"https:\/\/leuther-muehle.de\/?page_id=237"},"modified":"2026-02-12T11:59:56","modified_gmt":"2026-02-12T11:59:56","slug":"kunst-im-seminarhaus","status":"publish","type":"page","link":"https:\/\/leuther-muehle.de\/en\/kunst-im-seminarhaus\/","title":{"rendered":"Kunst im Seminarhaus"},"content":{"rendered":"<p>[et_pb_section fb_built=&#8220;1&#8243; admin_label=&#8220;Sektion Keyvisual&#8220; _builder_version=&#8220;4.20.2&#8243; _module_preset=&#8220;default&#8220; custom_padding=&#8220;0px||0px||true|false&#8220; global_colors_info=&#8220;{}&#8220;][et_pb_row _builder_version=&#8220;4.20.2&#8243; _module_preset=&#8220;default&#8220; width=&#8220;100%&#8220; max_width=&#8220;100%&#8220; custom_padding=&#8220;0px||0px||true|false&#8220; global_colors_info=&#8220;{}&#8220;][et_pb_column type=&#8220;4_4&#8243; _builder_version=&#8220;4.20.2&#8243; _module_preset=&#8220;default&#8220; global_colors_info=&#8220;{}&#8220;][et_pb_image src=&#8220;https:\/\/leuther-muehle.de\/wp-content\/uploads\/2026\/01\/Ausstellung-DSKTP.webp&#8220; alt=&#8220;Seminar Verpflegung&#8220; title_text=&#8220;Ausstellung mobil&#8220; force_fullwidth=&#8220;on&#8220; src_tablet=&#8220;https:\/\/leuther-muehle.de\/wp-content\/uploads\/2026\/01\/Ausstellung-mobil.webp&#8220; src_phone=&#8220;https:\/\/leuther-muehle.de\/wp-content\/uploads\/2026\/01\/Ausstellung-mobil.webp&#8220; src_last_edited=&#8220;on|phone&#8220; _builder_version=&#8220;4.27.5&#8243; _module_preset=&#8220;default&#8220; global_colors_info=&#8220;{}&#8220;][\/et_pb_image][\/et_pb_column][\/et_pb_row][\/et_pb_section][et_pb_section fb_built=&#8220;1&#8243; admin_label=&#8220;Sektion WIllkommen&#8220; _builder_version=&#8220;4.20.2&#8243; _module_preset=&#8220;default&#8220; global_colors_info=&#8220;{}&#8220;][et_pb_row _builder_version=&#8220;4.20.2&#8243; _module_preset=&#8220;default&#8220; global_colors_info=&#8220;{}&#8220;][et_pb_column type=&#8220;4_4&#8243; _builder_version=&#8220;4.20.2&#8243; _module_preset=&#8220;default&#8220; global_colors_info=&#8220;{}&#8220;][et_pb_text _builder_version=&#8220;4.27.5&#8243; _module_preset=&#8220;default&#8220; custom_margin=&#8220;||10px||false|false&#8220; global_colors_info=&#8220;{}&#8220;]<\/p>\n<h1 class=\"wp-block-heading has-text-align-center\"><strong>Kunst trifft Geschichte:<\/strong> Japanische \u00c4sthetik in unseren R\u00e4umen<\/h1>\n<p>Wir freuen uns sehr, unseren G\u00e4sten derzeit eine besondere k\u00fcnstlerische Begegnung pr\u00e4sentieren zu d\u00fcrfen.<br \/>In den historischen Mauern der Leuther M\u00fchle stellen <em><strong>Justyna Feicht<\/strong><\/em> und <em><strong>Sofie Nix<\/strong><\/em> eine Auswahl ihrer beeindruckenden Werke aus.<\/p>\n<p>Die beiden K\u00fcnstlerinnen, die sich bereits w\u00e4hrend ihres Studiums an der Kunsthochschule fanden, teilen eine tiefe Leidenschaft f\u00fcr textile Erz\u00e4hlungen. In ihren Arbeiten verweben sie Geschichte und Geschichten &#8211; oft inspiriert von japanischer \u00c4sthetik und der faszinierenden Haptik antiker Kimonos. Neben individuellen Einzelst\u00fccken k\u00f6nnen Sie bei uns auch die Gemeinschaftswerke \u201eMoon Window I\u201c und \u201eMoon Window II\u201c entdecken. Ein Zusammenspiel aus Material und Moment, das wunderbar mit der Ruhe unseres Hauses harmoniert.<\/p>\n<p><em><strong>Die Vernissage findet im Sommer statt.<\/strong><\/em><br \/>M\u00f6chten Sie die Ausstellung vor der Vernissage besuchen, kontaktieren Sie uns bitte per E-Mail oder telefonisch.<\/p>\n<p>[\/et_pb_text][dsm_masonry_gallery gallery_ids=&#8220;249,248,247,258,259&#8243; use_overlay=&#8220;on&#8220; use_lightbox=&#8220;on&#8220; overlay_color=&#8220;#0E5405&#8243; _builder_version=&#8220;4.27.5&#8243; _module_preset=&#8220;default&#8220; custom_margin=&#8220;75px||||false|false&#8220; global_colors_info=&#8220;{}&#8220;][\/dsm_masonry_gallery][\/et_pb_column][\/et_pb_row][\/et_pb_section][et_pb_section fb_built=&#8220;1&#8243; _builder_version=&#8220;4.27.5&#8243; _module_preset=&#8220;default&#8220; background_color=&#8220;#6B6B6B&#8220; hover_enabled=&#8220;0&#8243; global_colors_info=&#8220;{}&#8220; sticky_enabled=&#8220;0&#8243;][et_pb_row column_structure=&#8220;1_3,1_3,1_3&#8243; _builder_version=&#8220;4.27.5&#8243; _module_preset=&#8220;default&#8220; global_colors_info=&#8220;{}&#8220;][et_pb_column type=&#8220;1_3&#8243; _builder_version=&#8220;4.27.5&#8243; _module_preset=&#8220;default&#8220; global_colors_info=&#8220;{}&#8220;][et_pb_image src=&#8220;https:\/\/leuther-muehle.de\/wp-content\/uploads\/2026\/01\/Justyna-Feicht.png&#8220; title_text=&#8220;Justyna Feicht&#8220; _builder_version=&#8220;4.27.5&#8243; _module_preset=&#8220;default&#8220; global_colors_info=&#8220;{}&#8220;][\/et_pb_image][et_pb_text _builder_version=&#8220;4.27.5&#8243; _module_preset=&#8220;default&#8220; text_text_color=&#8220;#FFFFFF&#8220; global_colors_info=&#8220;{}&#8220;]<\/p>\n<p><em><strong>Justyna Feicht<\/strong> lebt und arbeitet in Deutschland, Japan und Polen. Sie ist ausgebildete Kamerafrau mit einer Liebe zu narrativen und zu textilen Stoffen.<\/em><\/p>\n<p>[\/et_pb_text][\/et_pb_column][et_pb_column type=&#8220;1_3&#8243; _builder_version=&#8220;4.27.5&#8243; _module_preset=&#8220;default&#8220; global_colors_info=&#8220;{}&#8220;][et_pb_image src=&#8220;https:\/\/leuther-muehle.de\/wp-content\/uploads\/2026\/01\/Sofie-Nix.png&#8220; title_text=&#8220;Sofie Nix&#8220; _builder_version=&#8220;4.27.5&#8243; _module_preset=&#8220;default&#8220; global_colors_info=&#8220;{}&#8220;][\/et_pb_image][et_pb_text _builder_version=&#8220;4.27.5&#8243; _module_preset=&#8220;default&#8220; text_text_color=&#8220;#FFFFFF&#8220; global_colors_info=&#8220;{}&#8220;]<\/p>\n<p><em><strong>Sofie Nix<\/strong> lebt und arbeitet in Neuss und D\u00fcsseldorf. Die ausgebildete K\u00fcnstlerin und Filmemacherin erschafft seit 2018 handgefertigte textile Kunstwerke.<\/em><\/p>\n<p>[\/et_pb_text][\/et_pb_column][et_pb_column type=&#8220;1_3&#8243; _builder_version=&#8220;4.27.5&#8243; _module_preset=&#8220;default&#8220; global_colors_info=&#8220;{}&#8220;][et_pb_text _builder_version=&#8220;4.27.5&#8243; _module_preset=&#8220;default&#8220; text_text_color=&#8220;#FFFFFF&#8220; header_2_text_color=&#8220;#FFFFFF&#8220; global_colors_info=&#8220;{}&#8220;]<\/p>\n<h2>Weitere Informationen<\/h2>\n<p>Weiterf\u00fchrende Informationen zu den beiden K\u00fcnstlerinnen und deren Werken finden Sie unter:<\/p>\n<p><span style=\"color: #ffffff;\"><a href=\"https:\/\/sofienixdesign.de\/von-stoff-und-stoffen-geschichten-und-geschichte\" target=\"_blank\" rel=\"noopener\" title=\"jetzt anschauen!\" style=\"color: #ffffff;\">https:\/\/sofienixdesign.de\/von-stoff-und-stoffen-geschichten-und-geschichte<\/a><\/span><\/p>\n<p>[\/et_pb_text][et_pb_button button_url=&#8220;https:\/\/sofienixdesign.de\/von-stoff-und-stoffen-geschichten-und-geschichte&#8220; url_new_window=&#8220;on&#8220; button_text=&#8220;Webseite besuchen!&#8220; _builder_version=&#8220;4.27.5&#8243; _module_preset=&#8220;default&#8220; custom_button=&#8220;on&#8220; button_text_size=&#8220;16px&#8220; button_text_color=&#8220;#FFFFFF&#8220; button_bg_color=&#8220;#474747&#8243; button_border_width=&#8220;0px&#8220; global_colors_info=&#8220;{}&#8220;][\/et_pb_button][\/et_pb_column][\/et_pb_row][\/et_pb_section]<\/p>\n","protected":false},"excerpt":{"rendered":"<p>Kunst trifft Geschichte: Japanische \u00c4sthetik in unseren R\u00e4umen Wir freuen uns sehr, unseren G\u00e4sten derzeit eine besondere k\u00fcnstlerische Begegnung pr\u00e4sentieren zu d\u00fcrfen.In den historischen Mauern der Leuther M\u00fchle stellen Justyna Feicht und Sofie Nix eine Auswahl ihrer beeindruckenden Werke aus. Die beiden K\u00fcnstlerinnen, die sich bereits w\u00e4hrend ihres Studiums an der Kunsthochschule fanden, teilen eine tiefe Leidenschaft f\u00fcr textile Erz\u00e4hlungen. In ihren Arbeiten verweben sie Geschichte und Geschichten &#8211; oft inspiriert von japanischer \u00c4sthetik und der faszinierenden Haptik antiker Kimonos. Neben individuellen Einzelst\u00fccken k\u00f6nnen Sie bei uns auch die Gemeinschaftswerke \u201eMoon Window I\u201c und \u201eMoon Window II\u201c entdecken. Ein Zusammenspiel aus Material und Moment, das wunderbar mit der Ruhe unseres Hauses harmoniert. Die Vernissage findet im Sommer statt.M\u00f6chten Sie die Ausstellung vor der Vernissage besuchen, kontaktieren Sie uns bitte per E-Mail oder telefonisch.<div class=\"et_pb_module dsm_masonry_gallery dsm_masonry_gallery_0\">\n\t\t\t\t\n\t\t\t\t\n\t\t\t\t\n\t\t\t\t\n\t\t\t\t\n\t\t\t\t\n\t\t\t\t<div class=\"et_pb_module_inner\">\n\t\t\t\t\t<div class=\"dsm-gallery grid\" data-lightbox=\"true\" data-horizontalorder=\"true\">\n                <div class=\"grid-sizer\"><\/div><div class=\"gutter-sizer\"><\/div><div class=\"grid-item\">\n                    <a href=\"https:\/\/leuther-muehle.de\/wp-content\/uploads\/2026\/01\/Justina-Feicht-Mosaic-2024.png\"  data-title='Justina Feicht, Mosaic, 2024'  data-caption='' data-mfp-src=\"https:\/\/leuther-muehle.de\/wp-content\/uploads\/2026\/01\/Justina-Feicht-Mosaic-2024.png\">\n                        <div class=\"et_pb_image_wrap\">\n                            <img loading=\"lazy\" decoding=\"async\" src=\"https:\/\/leuther-muehle.de\/wp-content\/uploads\/2026\/01\/Justina-Feicht-Mosaic-2024.png\" title=\"Justina Feicht, Mosaic, 2024\" alt=\"\" class=\"dsm-skip-lazyload\" srcset=\"https:\/\/leuther-muehle.de\/wp-content\/uploads\/2026\/01\/Justina-Feicht-Mosaic-2024.png 637w, https:\/\/leuther-muehle.de\/wp-content\/uploads\/2026\/01\/Justina-Feicht-Mosaic-2024-480x603.png 480w\" sizes=\"(min-width: 0px) and (max-width: 480px) 480px, (min-width: 481px) 637px, 100vw\" width=\"637\" height=\"800\" \/>\n                            <span class=\"et_overlay dsm-overlay\">\n                        <div class=\"dsm-overlay-inner\">\n                            <h4 class=\"dsm-overlay-title\">\n                    Justina Feicht, Mosaic, 2024\n                <\/h4>\n                            <p class=\"dsm-overlay-caption\">\n                    \n                <\/p>\n\t\t\t\t\t\t\t<p class=\"dsm-overlay-desc\">\n                    \n                <\/p>\n                        <\/div>\n                    <\/span>\n                        <\/div>\n                    <\/a>\n                <\/div><div class=\"grid-item\">\n                    <a href=\"https:\/\/leuther-muehle.de\/wp-content\/uploads\/2026\/01\/Justyna-Feicht-Under-my-Kimono-I.webp\"  data-title='Justyna Feicht, Under my Kimono I'  data-caption='' data-mfp-src=\"https:\/\/leuther-muehle.de\/wp-content\/uploads\/2026\/01\/Justyna-Feicht-Under-my-Kimono-I.webp\">\n                        <div class=\"et_pb_image_wrap\">\n                            <img loading=\"lazy\" decoding=\"async\" src=\"https:\/\/leuther-muehle.de\/wp-content\/uploads\/2026\/01\/Justyna-Feicht-Under-my-Kimono-I.webp\" title=\"Justyna Feicht, Under my Kimono I\" alt=\"\" class=\"dsm-skip-lazyload\" srcset=\"https:\/\/leuther-muehle.de\/wp-content\/uploads\/2026\/01\/Justyna-Feicht-Under-my-Kimono-I.webp 800w, https:\/\/leuther-muehle.de\/wp-content\/uploads\/2026\/01\/Justyna-Feicht-Under-my-Kimono-I-480x330.webp 480w\" sizes=\"(min-width: 0px) and (max-width: 480px) 480px, (min-width: 481px) 800px, 100vw\" width=\"800\" height=\"550\" \/>\n                            <span class=\"et_overlay dsm-overlay\">\n                        <div class=\"dsm-overlay-inner\">\n                            <h4 class=\"dsm-overlay-title\">\n                    Justyna Feicht, Under my Kimono I\n                <\/h4>\n                            <p class=\"dsm-overlay-caption\">\n                    \n                <\/p>\n\t\t\t\t\t\t\t<p class=\"dsm-overlay-desc\">\n                    \n                <\/p>\n                        <\/div>\n                    <\/span>\n                        <\/div>\n                    <\/a>\n                <\/div><div class=\"grid-item\">\n                    <a href=\"https:\/\/leuther-muehle.de\/wp-content\/uploads\/2026\/01\/Sofie-Nix-Color-Studies-2020-\u2013-ongoing.webp\"  data-title='Sofie Nix, Color Studies 2020 &#8211; ongoing'  data-caption='' data-mfp-src=\"https:\/\/leuther-muehle.de\/wp-content\/uploads\/2026\/01\/Sofie-Nix-Color-Studies-2020-\u2013-ongoing.webp\">\n                        <div class=\"et_pb_image_wrap\">\n                            <img loading=\"lazy\" decoding=\"async\" src=\"https:\/\/leuther-muehle.de\/wp-content\/uploads\/2026\/01\/Sofie-Nix-Color-Studies-2020-\u2013-ongoing.webp\" title=\"Sofie Nix, Color Studies 2020 &#8211; ongoing\" alt=\"\" class=\"dsm-skip-lazyload\" srcset=\"https:\/\/leuther-muehle.de\/wp-content\/uploads\/2026\/01\/Sofie-Nix-Color-Studies-2020-\u2013-ongoing.webp 800w, https:\/\/leuther-muehle.de\/wp-content\/uploads\/2026\/01\/Sofie-Nix-Color-Studies-2020-\u2013-ongoing-300x200.webp 300w, https:\/\/leuther-muehle.de\/wp-content\/uploads\/2026\/01\/Sofie-Nix-Color-Studies-2020-\u2013-ongoing-768x512.webp 768w, https:\/\/leuther-muehle.de\/wp-content\/uploads\/2026\/01\/Sofie-Nix-Color-Studies-2020-\u2013-ongoing-18x12.webp 18w, https:\/\/leuther-muehle.de\/wp-content\/uploads\/2026\/01\/Sofie-Nix-Color-Studies-2020-\u2013-ongoing-480x320.webp 480w\" sizes=\"(max-width: 800px) 100vw, 800px\" width=\"800\" height=\"533\" \/>\n                            <span class=\"et_overlay dsm-overlay\">\n                        <div class=\"dsm-overlay-inner\">\n                            <h4 class=\"dsm-overlay-title\">\n                    Sofie Nix, Color Studies 2020 &#8211; ongoing\n                <\/h4>\n                            <p class=\"dsm-overlay-caption\">\n                    \n                <\/p>\n\t\t\t\t\t\t\t<p class=\"dsm-overlay-desc\">\n                    \n                <\/p>\n                        <\/div>\n                    <\/span>\n                        <\/div>\n                    <\/a>\n                <\/div><div class=\"grid-item\">\n                    <a href=\"https:\/\/leuther-muehle.de\/wp-content\/uploads\/2026\/01\/Sofie-Nix-Origami-2024.webp\"  data-title='Sofie Nix, Origami, 2024'  data-caption='' data-mfp-src=\"https:\/\/leuther-muehle.de\/wp-content\/uploads\/2026\/01\/Sofie-Nix-Origami-2024.webp\">\n                        <div class=\"et_pb_image_wrap\">\n                            <img loading=\"lazy\" decoding=\"async\" src=\"https:\/\/leuther-muehle.de\/wp-content\/uploads\/2026\/01\/Sofie-Nix-Origami-2024.webp\" title=\"Sofie Nix, Origami, 2024\" alt=\"\" class=\"dsm-skip-lazyload\" srcset=\"https:\/\/leuther-muehle.de\/wp-content\/uploads\/2026\/01\/Sofie-Nix-Origami-2024.webp 800w, https:\/\/leuther-muehle.de\/wp-content\/uploads\/2026\/01\/Sofie-Nix-Origami-2024-480x320.webp 480w\" sizes=\"(min-width: 0px) and (max-width: 480px) 480px, (min-width: 481px) 800px, 100vw\" width=\"800\" height=\"533\" \/>\n                            <span class=\"et_overlay dsm-overlay\">\n                        <div class=\"dsm-overlay-inner\">\n                            <h4 class=\"dsm-overlay-title\">\n                    Sofie Nix, Origami, 2024\n                <\/h4>\n                            <p class=\"dsm-overlay-caption\">\n                    \n                <\/p>\n\t\t\t\t\t\t\t<p class=\"dsm-overlay-desc\">\n                    \n                <\/p>\n                        <\/div>\n                    <\/span>\n                        <\/div>\n                    <\/a>\n                <\/div><div class=\"grid-item\">\n                    <a href=\"https:\/\/leuther-muehle.de\/wp-content\/uploads\/2026\/01\/Sofie-Nix-Summer-Solstice-2018.webp\"  data-title='Sofie Nix, Summer Solstice, 2018'  data-caption='' data-mfp-src=\"https:\/\/leuther-muehle.de\/wp-content\/uploads\/2026\/01\/Sofie-Nix-Summer-Solstice-2018.webp\">\n                        <div class=\"et_pb_image_wrap\">\n                            <img loading=\"lazy\" decoding=\"async\" src=\"https:\/\/leuther-muehle.de\/wp-content\/uploads\/2026\/01\/Sofie-Nix-Summer-Solstice-2018.webp\" title=\"Sofie Nix, Summer Solstice, 2018\" alt=\"\" class=\"dsm-skip-lazyload\" srcset=\"https:\/\/leuther-muehle.de\/wp-content\/uploads\/2026\/01\/Sofie-Nix-Summer-Solstice-2018.webp 800w, https:\/\/leuther-muehle.de\/wp-content\/uploads\/2026\/01\/Sofie-Nix-Summer-Solstice-2018-480x320.webp 480w\" sizes=\"(min-width: 0px) and (max-width: 480px) 480px, (min-width: 481px) 800px, 100vw\" width=\"800\" height=\"533\" \/>\n                            <span class=\"et_overlay dsm-overlay\">\n                        <div class=\"dsm-overlay-inner\">\n                            <h4 class=\"dsm-overlay-title\">\n                    Sofie Nix, Summer Solstice, 2018\n                <\/h4>\n                            <p class=\"dsm-overlay-caption\">\n                    \n                <\/p>\n\t\t\t\t\t\t\t<p class=\"dsm-overlay-desc\">\n                    \n                <\/p>\n                        <\/div>\n                    <\/span>\n                        <\/div>\n                    <\/a>\n                <\/div>\n             <\/div>\n\t\t\t\t<\/div>\n\t\t\t<\/div>Justyna Feicht lebt und arbeitet in Deutschland, Japan und Polen. Sie ist ausgebildete Kamerafrau mit einer Liebe zu narrativen und zu textilen Stoffen.Sofie Nix lebt und arbeitet in Neuss und D\u00fcsseldorf. Die ausgebildete K\u00fcnstlerin und Filmemacherin erschafft seit 2018 handgefertigte textile Kunstwerke.Weitere Informationen Weiterf\u00fchrende Informationen zu den beiden K\u00fcnstlerinnen und deren Werken finden Sie unter: https:\/\/sofienixdesign.de\/von-stoff-und-stoffen-geschichten-und-geschichte<\/p>","protected":false},"author":1,"featured_media":242,"parent":0,"menu_order":0,"comment_status":"closed","ping_status":"closed","template":"","meta":{"_et_pb_use_builder":"on","_et_pb_old_content":"","_et_gb_content_width":"","footnotes":""},"class_list":["post-237","page","type-page","status-publish","has-post-thumbnail","hentry"],"_links":{"self":[{"href":"https:\/\/leuther-muehle.de\/en\/wp-json\/wp\/v2\/pages\/237","targetHints":{"allow":["GET"]}}],"collection":[{"href":"https:\/\/leuther-muehle.de\/en\/wp-json\/wp\/v2\/pages"}],"about":[{"href":"https:\/\/leuther-muehle.de\/en\/wp-json\/wp\/v2\/types\/page"}],"author":[{"embeddable":true,"href":"https:\/\/leuther-muehle.de\/en\/wp-json\/wp\/v2\/users\/1"}],"replies":[{"embeddable":true,"href":"https:\/\/leuther-muehle.de\/en\/wp-json\/wp\/v2\/comments?post=237"}],"version-history":[{"count":16,"href":"https:\/\/leuther-muehle.de\/en\/wp-json\/wp\/v2\/pages\/237\/revisions"}],"predecessor-version":[{"id":268,"href":"https:\/\/leuther-muehle.de\/en\/wp-json\/wp\/v2\/pages\/237\/revisions\/268"}],"wp:featuredmedia":[{"embeddable":true,"href":"https:\/\/leuther-muehle.de\/en\/wp-json\/wp\/v2\/media\/242"}],"wp:attachment":[{"href":"https:\/\/leuther-muehle.de\/en\/wp-json\/wp\/v2\/media?parent=237"}],"curies":[{"name":"wp","href":"https:\/\/api.w.org\/{rel}","templated":true}]}}